{"id":12,"date":"2025-03-31T13:47:03","date_gmt":"2025-03-31T11:47:03","guid":{"rendered":"https:\/\/www.levandulafest.sk\/?page_id=12"},"modified":"2026-04-27T09:22:56","modified_gmt":"2026-04-27T07:22:56","slug":"uvodna-stranka","status":"publish","type":"page","link":"https:\/\/www.levandulafest.sk\/uvodna-stranka\/","title":{"rendered":"Festival"},"content":{"rendered":"\n<h2 class=\"wp-block-heading\">Levandu\u013ea Fest<\/h2>\n\n\n\n<p>Sme radi, \u017ee ste zav\u00edtali na na\u0161e str\u00e1nky venovan\u00e9 Levandu\u013ea Fest! Te\u0161\u00ed n\u00e1s v\u00e1\u0161 z\u00e1ujem o t\u00fato jedine\u010dn\u00fa udalos\u0165 pln\u00fa v\u00f4n\u00ed, farieb a nezabudnute\u013en\u00fdch z\u00e1\u017eitkov. Levandu\u013ea Fest je viac ne\u017e len festival; je to oslava pr\u00edrody, kult\u00fary a komunity. Na tomto festivale sa stret\u00e1vaj\u00fa milovn\u00edci levandule, pr\u00edrodnej kozmetiky, remeseln\u00edci a umelci, ktor\u00ed prezentuj\u00fa svoje dielo a zru\u010dnosti. Prehliadnite si na\u0161e inform\u00e1cie, program a zauj\u00edmavosti, ktor\u00e9 sme pre v\u00e1s pripravili. M\u00f4\u017eete sa te\u0161i\u0165 na mno\u017estvo workshopov, predn\u00e1\u0161ok a z\u00e1bavn\u00fdch aktiv\u00edt pre cel\u00fa rodinu. V\u00f4ne levandule v\u00e1s o\u010daria a prenes\u00fa do sveta harm\u00f3nie a pokoja. Va\u0161a n\u00e1v\u0161teva n\u00e1s ve\u013emi te\u0161\u00ed a ver\u00edme, \u017ee si odnesiete nezabudnute\u013en\u00e9 z\u00e1\u017eitky!<\/p>\n\n\n\n<p>Nezabudnite si so sebou zobra\u0165 fotoapar\u00e1t, aby ste mohli zachyti\u0165 tieto kr\u00e1sne okamihy a v\u00f4ne levandule. Fest vyvrchol\u00ed z\u00e1vere\u010dn\u00fdm oh\u0148ostrojom, ktor\u00fd je korunou na\u0161ej oslavy. Ver\u00edme, \u017ee Levandu\u013ea Fest sa pre v\u00e1s stane ob\u013e\u00fabenou udalos\u0165ou v kalend\u00e1ri a nav\u0161t\u00edvite n\u00e1s aj v bud\u00facnosti. Te\u0161\u00edme sa na va\u0161u n\u00e1v\u0161tevu a nezabudnite si zarezervova\u0165 svoje miesto vopred, preto\u017ee z\u00e1ujem o festival je obrovsk\u00fd!<\/p>\n\n\n\n<p>Na festivale sa tie\u017e uskuto\u010d\u0148uje s\u00fa\u0165a\u017e o najkraj\u0161iu levandu\u013eov\u00fa z\u00e1hradu, kde m\u00f4\u017eu n\u00e1v\u0161tevn\u00edci hlasova\u0165 za svoje ob\u013e\u00faben\u00e9 expon\u00e1ty. T\u00e1to s\u00fa\u0165a\u017e podporuje miestnych pestovate\u013eov a povzbudzuje ich k lep\u0161iemu dizajnu a pestovaniu levandule. V\u0161etky v\u00fdhern\u00e9 z\u00e1hrady bud\u00fa odmenen\u00e9 a ich majitelia z\u00edskaj\u00fa hodnotn\u00e9 ceny. M\u00e1me pre v\u00e1s pripraven\u00e9 aj koncerty miestnych hudobn\u00edkov, ktor\u00ed svojou hudbou umoc\u0148uj\u00fa skvel\u00fa atmosf\u00e9ru festivalu a vytv\u00e1raj\u00fa nezabudnute\u013en\u00e9 chv\u00edle.<\/p>\n\n\n\n<p>Levandu\u013ea Fest sa kon\u00e1 v malebnom prostred\u00ed, ktor\u00e9 je ide\u00e1lne na relax\u00e1ciu a na\u010derpanie nov\u00fdch s\u00edl. V srdci pr\u00edrody si m\u00f4\u017eete vychutna\u0165 kr\u00e1su okolit\u00fdch kraj\u00edn a pokocha\u0165 sa v\u00fdh\u013eadom na levandu\u013eov\u00e9 polia. Pre rodiny s de\u0165mi sme pripravili r\u00f4zne z\u00e1bavn\u00e9 aktivity, ako s\u00fa tvoriv\u00e9 dielne a hry, ktor\u00e9 podporuj\u00fa kreativitu a t\u00edmov\u00e9ho ducha. T\u00fdmto sp\u00f4sobom sa v\u0161etci n\u00e1v\u0161tevn\u00edci, bez oh\u013eadu na vek, m\u00f4\u017eu zapoji\u0165 do atmosf\u00e9ry festivalu a odnies\u0165 si kr\u00e1sne spomienky.<\/p>\n\n\n\n<p>Pripravili sme pre v\u00e1s aj zauj\u00edmav\u00e9 predn\u00e1\u0161ky o hist\u00f3rii levandule a jej lie\u010div\u00fdch \u00fa\u010dinkoch. M\u00f4\u017eete sa dozvedie\u0165, ako pou\u017e\u00edvanie levandule ovplyvnilo r\u00f4zne kult\u00fary a trad\u00edcie. Na\u0161i odborn\u00edci v\u00e1m pribl\u00ed\u017eia aj sp\u00f4soby, ako si m\u00f4\u017eete levandu\u013eu pestova\u0165 doma a vyu\u017ei\u0165 jej blahodarn\u00e9 \u00fa\u010dinky vo svojom \u017eivote. Taktie\u017e sa dozviete o ekologick\u00fdch praxiach pestovania, ktor\u00e9 s\u00fa \u0161etrn\u00e9 k pr\u00edrode.<\/p>\n\n\n\n<p>Na Levandu\u013ea Feste sa m\u00f4\u017eete z\u00fa\u010dastni\u0165 r\u00f4znych aktiv\u00edt, ako s\u00fa ochutn\u00e1vky levandu\u013eov\u00fdch produktov, od bylinkov\u00fdch \u010dajov a\u017e po dezerty. Na\u0161i vystavovatelia pon\u00fakaj\u00fa \u0161irok\u00fd sortiment produktov, od levandu\u013eov\u00e9ho medu po esenci\u00e1lne oleje. T\u00e1to rozmanitos\u0165 v\u00e1m umo\u017en\u00ed objavi\u0165 nov\u00e9 chute a v\u00f4ne, ktor\u00e9 s\u00fa pre t\u00fato rastlinu jedine\u010dn\u00e9. Okrem toho, na festivale n\u00e1jdete aj st\u00e1nky s ru\u010dne vyr\u00e1ban\u00fdmi v\u00fdrobkami, ako s\u00fa \u0161perky a dekor\u00e1cie in\u0161pirovan\u00e9 levandu\u013eou, ktor\u00e9 si m\u00f4\u017eete odnies\u0165 ako pamiatku.<\/p>\n\n\n\n<p>Tento rok sa m\u00f4\u017eete te\u0161i\u0165 na m\u00fazeum legiend, retro m\u00fazeum, ale aj na alpaky, ktor\u00e9 poch\u00e1dzaj\u00fa z Afriky. Tieto mil\u00e9 terapeutick\u00e9 zvieratk\u00e1, ktor\u00e9 miluj\u00fa spolo\u010dnos\u0165 \u013eud\u00ed. Budete ich m\u00f4c\u0165 k\u0155mi\u0165. Va\u0161i ob\u013e\u00faben\u00ed herci zo seri\u00e1lu 80. rokov pre V\u00e1s pripravili rozhovory, autogrami\u00e1du a spolo\u010dn\u00e9 fotenie. <\/p>\n\n\n\n<p>Nebude ch\u00fdba\u0165 dotykov\u00e1 ZOO, kde si m\u00f4\u017eete pohladka\u0165 osl\u00edka, \u010di kon\u00edka, pr\u00edde aj emu. S\u00fa\u010das\u0165ou bude aj k\u0155menie. Op\u00e4\u0165 k n\u00e1m pr\u00eddu ps\u00edky z \u00fatulku z Michaloviec, ktor\u00fdch budete m\u00f4c\u0165 ven\u010di\u0165 cel\u00fd de\u0148. <\/p>\n\n\n\n<p>Pozrite si aj str\u00e1nky na\u0161ej farmy <a href=\"http:\/\/www.levandulovafarma.com\" target=\"_blank\" rel=\"noopener\">www.levandulovafarma.com<\/a><\/p>\n\n\n\n<figure class=\"wp-block-image size-large\"><img loading=\"lazy\" decoding=\"async\" width=\"1024\" height=\"724\" src=\"https:\/\/www.levandulafest.sk\/wp-content\/uploads\/2026\/04\/logo-levandula-fest-3-1024x724.png\" alt=\"\" class=\"wp-image-711\" srcset=\"https:\/\/www.levandulafest.sk\/wp-content\/uploads\/2026\/04\/logo-levandula-fest-3-1024x724.png 1024w, https:\/\/www.levandulafest.sk\/wp-content\/uploads\/2026\/04\/logo-levandula-fest-3-600x424.png 600w, https:\/\/www.levandulafest.sk\/wp-content\/uploads\/2026\/04\/logo-levandula-fest-3-300x212.png 300w, https:\/\/www.levandulafest.sk\/wp-content\/uploads\/2026\/04\/logo-levandula-fest-3-768x543.png 768w, https:\/\/www.levandulafest.sk\/wp-content\/uploads\/2026\/04\/logo-levandula-fest-3-1536x1086.png 1536w, https:\/\/www.levandulafest.sk\/wp-content\/uploads\/2026\/04\/logo-levandula-fest-3.png 2000w\" sizes=\"auto, (max-width: 1024px) 100vw, 1024px\" \/><figcaption class=\"wp-element-caption\">Levandu\u013ea Fest<\/figcaption><\/figure>\n\n\n\n<p><\/p>\n","protected":false},"excerpt":{"rendered":"<p>Levandu\u013ea Fest Sme radi, \u017ee ste zav\u00edtali na na\u0161e str\u00e1nky venovan\u00e9 Levandu\u013ea Fest! Te\u0161\u00ed n\u00e1s v\u00e1\u0161 z\u00e1ujem o t\u00fato jedine\u010dn\u00fa udalos\u0165 pln\u00fa v\u00f4n\u00ed, farieb a nezabudnute\u013en\u00fdch z\u00e1\u017eitkov. Levandu\u013ea Fest je viac ne\u017e len festival; je to oslava pr\u00edrody, kult\u00fary a<\/p>\n","protected":false},"author":1,"featured_media":0,"parent":0,"menu_order":0,"comment_status":"closed","ping_status":"closed","template":"page-templates\/business.php","meta":{"footnotes":""},"class_list":["post-12","page","type-page","status-publish","hentry"],"_links":{"self":[{"href":"https:\/\/www.levandulafest.sk\/wp-json\/wp\/v2\/pages\/12","targetHints":{"allow":["GET"]}}],"collection":[{"href":"https:\/\/www.levandulafest.sk\/wp-json\/wp\/v2\/pages"}],"about":[{"href":"https:\/\/www.levandulafest.sk\/wp-json\/wp\/v2\/types\/page"}],"author":[{"embeddable":true,"href":"https:\/\/www.levandulafest.sk\/wp-json\/wp\/v2\/users\/1"}],"replies":[{"embeddable":true,"href":"https:\/\/www.levandulafest.sk\/wp-json\/wp\/v2\/comments?post=12"}],"version-history":[{"count":11,"href":"https:\/\/www.levandulafest.sk\/wp-json\/wp\/v2\/pages\/12\/revisions"}],"predecessor-version":[{"id":852,"href":"https:\/\/www.levandulafest.sk\/wp-json\/wp\/v2\/pages\/12\/revisions\/852"}],"wp:attachment":[{"href":"https:\/\/www.levandulafest.sk\/wp-json\/wp\/v2\/media?parent=12"}],"curies":[{"name":"wp","href":"https:\/\/api.w.org\/{rel}","templated":true}]}}