{"id":55,"date":"2025-03-31T13:59:59","date_gmt":"2025-03-31T11:59:59","guid":{"rendered":"https:\/\/www.levandulafest.sk\/?page_id=55"},"modified":"2026-04-26T12:35:24","modified_gmt":"2026-04-26T10:35:24","slug":"gastro-festivalu","status":"publish","type":"page","link":"https:\/\/www.levandulafest.sk\/gastro-festivalu\/","title":{"rendered":"Gastro festivalu"},"content":{"rendered":"\n<h2 class=\"wp-block-heading has-text-align-center\">Fain Food na Levandu\u013ea Feste \u2013 street food, ktor\u00fd ti sadne<\/h2>\n\n\n\n<p>Gastro festivalu na Levandu\u013ea Feste nebude len o v\u00f4\u0148ach a farb\u00e1ch, ale aj o poctivom street foode! Tento rok k n\u00e1m so svoj\u00edm \u0161t\u00fdlov\u00fdm foodtruckom doraz\u00ed aj <strong>Fain Food<\/strong>, ktor\u00fd si z\u00edskal srdcia (aj \u017eal\u00fadky) mnoh\u00fdch fan\u00fa\u0161ikov kvalitn\u00e9ho a origin\u00e1lneho jedla.<\/p>\n\n\n\n<p>V ich ponuke n\u00e1jde\u0161:<br>\ud83e\udd6f <strong>\u0161koricovn\u00edky s bielou polevou<\/strong> \u2013 sladk\u00e1 bodka, ktor\u00fa jednoducho mus\u00ed\u0161 ochutna\u0165<br>\ud83c\udf2d <strong>\u0161peci\u00e1lne hotdogy<\/strong> s origin\u00e1lnymi kombin\u00e1ciami chut\u00ed<br>\ud83e\udd56 <strong>chrumkav\u00e9 zapekanky<\/strong> ako za star\u00fdch \u010dias, ale v novom \u0161ate<br>\ud83c\udf4b <strong>dom\u00e1ce limon\u00e1dy<\/strong>, ktor\u00e9 \u0165a osvie\u017eia po\u010das hor\u00faceho d\u0148a<\/p>\n\n\n\n<p>Fain Food je presne to miesto, kde si d\u00e1\u0161 nie\u010do dobr\u00e9 do ruky a vychutn\u00e1\u0161 si to v levandu\u013eovej pohode. Zastav sa, neobanuje\u0161!<\/p>\n\n\n\n<figure class=\"wp-block-image aligncenter size-full\"><img loading=\"lazy\" decoding=\"async\" width=\"600\" height=\"600\" src=\"https:\/\/www.levandulafest.sk\/wp-content\/uploads\/2025\/06\/image0.jpeg\" alt=\"\" class=\"wp-image-509\" srcset=\"https:\/\/www.levandulafest.sk\/wp-content\/uploads\/2025\/06\/image0.jpeg 600w, https:\/\/www.levandulafest.sk\/wp-content\/uploads\/2025\/06\/image0-300x300.jpeg 300w, https:\/\/www.levandulafest.sk\/wp-content\/uploads\/2025\/06\/image0-100x100.jpeg 100w, https:\/\/www.levandulafest.sk\/wp-content\/uploads\/2025\/06\/image0-150x150.jpeg 150w, https:\/\/www.levandulafest.sk\/wp-content\/uploads\/2025\/06\/image0-270x270.jpeg 270w, https:\/\/www.levandulafest.sk\/wp-content\/uploads\/2025\/06\/image0-230x230.jpeg 230w\" sizes=\"auto, (max-width: 600px) 100vw, 600px\" \/><\/figure>\n\n\n\n<h2 class=\"wp-block-heading has-text-align-center\">Pestucci na Levandu\u013ea Feste \u2013 pr\u00ed\u010f si vychutna\u0165 jedlo pln\u00e9 v\u00f4n\u00ed leta<\/h2>\n\n\n\n<p>Ob\u013e\u00faben\u00fd <strong>Pestucci Restaurant &amp; Pub<\/strong> sa po \u00faspechu z minul\u00e9ho roka vracia aj tento rok na Levandu\u013ea Fest \u2013 a my sa ve\u013emi te\u0161\u00edme, \u017ee ich op\u00e4\u0165 priv\u00edtame v na\u0161ej gastro z\u00f3ne!<\/p>\n\n\n\n<p>Tento rok si pre v\u00e1s pripravia <strong>\u0161\u0165avnat\u00e9 grilovan\u00e9 kuriatka pod\u00e1van\u00e9 na dom\u00e1cej kv\u00e1skovej ciabate<\/strong> \u2013 poctiv\u00e9 chute, ktor\u00e9 si zamilujete hne\u010f po prvom s\u00faste.<\/p>\n\n\n\n<p>Zastav sa pri ich st\u00e1nku, dopraj si nie\u010do v\u00fdnimo\u010dn\u00e9 a u\u017ei si levandu\u013eov\u00fa atmosf\u00e9ru naplno \u2013 s v\u00f4\u0148ou, hudbou a skvel\u00fdm jedlom, ktor\u00e9 k festivalu neodmyslite\u013ene patr\u00ed.<\/p>\n\n\n\n<figure class=\"wp-block-image aligncenter size-large\"><img loading=\"lazy\" decoding=\"async\" width=\"1024\" height=\"549\" src=\"https:\/\/www.levandulafest.sk\/wp-content\/uploads\/2025\/06\/logo-1024x549.jpg\" alt=\"\" class=\"wp-image-505\" srcset=\"https:\/\/www.levandulafest.sk\/wp-content\/uploads\/2025\/06\/logo-1024x549.jpg 1024w, https:\/\/www.levandulafest.sk\/wp-content\/uploads\/2025\/06\/logo-600x322.jpg 600w, https:\/\/www.levandulafest.sk\/wp-content\/uploads\/2025\/06\/logo-300x161.jpg 300w, https:\/\/www.levandulafest.sk\/wp-content\/uploads\/2025\/06\/logo-768x412.jpg 768w, https:\/\/www.levandulafest.sk\/wp-content\/uploads\/2025\/06\/logo-1536x824.jpg 1536w, https:\/\/www.levandulafest.sk\/wp-content\/uploads\/2025\/06\/logo-2048x1099.jpg 2048w\" sizes=\"auto, (max-width: 1024px) 100vw, 1024px\" \/><\/figure>\n\n\n\n<h2 class=\"wp-block-heading has-text-align-center\">Unik\u00e1tne destil\u00e1ty a mie\u0161an\u00e9 drinky z dielne BVD \u2013 <em>Bird Valley Distillery<\/em><\/h2>\n\n\n\n<p>Rodinn\u00e1 p\u00e1lenica z Porubky vo Vt\u00e1\u010dom \u00fadol\u00ed pon\u00faka kvalitu a bezbolestn\u00e9 r\u00e1na. \ud83e\udd70<br>Mie\u0161an\u00e9 n\u00e1poje na mieru v\u00e1m v profesion\u00e1lnom bare bude pripravova\u0165 <strong>Maro\u0161 Potu\u010dek<\/strong> \u2013 svetozn\u00e1my barman a n\u00e1\u0161 rod\u00e1k priamo z Brekova.<\/p>\n\n\n\n<p>Pre ve\u013ek\u00fd \u00faspech v\u00e1s aj tento rok osvie\u017ei <strong>levandu\u013eov\u00e9 mojito<\/strong>, <strong>levandu\u013eov\u00fd gin &amp; tonic<\/strong>, ale aj <strong>kopec noviniek<\/strong>, mie\u0161an\u00fdch s l\u00e1skou len pre v\u00e1s. \u2764\ufe0f<\/p>\n\n\n\n<p><strong>BVD BAR = kvalitn\u00fd z\u00e1\u017eitok aj z\u00e1\u017eitkov\u00e1 kvalita.<\/strong> \u263a\ufe0f<\/p>\n\n\n\n<figure class=\"wp-block-image aligncenter size-large\"><img loading=\"lazy\" decoding=\"async\" width=\"1024\" height=\"683\" src=\"https:\/\/www.levandulafest.sk\/wp-content\/uploads\/2025\/05\/495189677_1147978090674356_3653830828001186382_n-1024x683.jpg\" alt=\"\" class=\"wp-image-440\" srcset=\"https:\/\/www.levandulafest.sk\/wp-content\/uploads\/2025\/05\/495189677_1147978090674356_3653830828001186382_n-1024x683.jpg 1024w, https:\/\/www.levandulafest.sk\/wp-content\/uploads\/2025\/05\/495189677_1147978090674356_3653830828001186382_n-600x400.jpg 600w, https:\/\/www.levandulafest.sk\/wp-content\/uploads\/2025\/05\/495189677_1147978090674356_3653830828001186382_n-300x200.jpg 300w, https:\/\/www.levandulafest.sk\/wp-content\/uploads\/2025\/05\/495189677_1147978090674356_3653830828001186382_n-768x512.jpg 768w, https:\/\/www.levandulafest.sk\/wp-content\/uploads\/2025\/05\/495189677_1147978090674356_3653830828001186382_n-1536x1024.jpg 1536w, https:\/\/www.levandulafest.sk\/wp-content\/uploads\/2025\/05\/495189677_1147978090674356_3653830828001186382_n.jpg 2048w\" sizes=\"auto, (max-width: 1024px) 100vw, 1024px\" \/><\/figure>\n\n\n\n<p class=\"has-text-align-center\">\u2665<\/p>\n\n\n\n<h2 class=\"wp-block-heading has-text-align-center\">V\u00edno s du\u0161ou \u2013 Tokaj Underground<\/h2>\n\n\n\n<p>Na na\u0161om festivale priv\u00edtame dvoch v\u00fdnimo\u010dn\u00fdch vin\u00e1rov z Tokaja, ktor\u00ed svojou v\u00e1\u0161\u0148ou, remeslom a autentick\u00fdm pr\u00edstupom k v\u00fdrobe v\u00edna obohatia z\u00e1\u017eitok v\u0161etk\u00fdch n\u00e1v\u0161tevn\u00edkov.<\/p>\n\n\n\n<p><strong>Mat\u00fa\u0161 Vdovjak \u2013 V\u00edno Vdovjak<\/strong><br>Vin\u00e1r z Ve\u013ekej T\u0155ne, ktor\u00e9ho v\u00edna vznikaj\u00fa bez filtra a bez kompromisov. Mat\u00fa\u0161 pracuje s tradi\u010dn\u00fdmi tokajsk\u00fdmi odrodami ako Furmint, Lipovina \u010di Mu\u0161k\u00e1t \u017elt\u00fd, a to v\u00fdhradne s re\u0161pektom k pr\u00edrode \u2013 spont\u00e1nna ferment\u00e1cia, minim\u00e1lne z\u00e1sahy, starostlivo vybran\u00e9 sudy \u010di amfory. Ka\u017ed\u00e1 f\u013ea\u0161a je obrazom jeho v\u00edzie a p\u00f4dy, z ktorej poch\u00e1dza.<\/p>\n\n\n\n<p><strong>Mari\u00e1n Tak\u00e1\u010d<\/strong> \u2013 Vin\u00e1rstvo u Ko\u0148a<br>Z obce \u010cerhov k n\u00e1m prich\u00e1dza Mari\u00e1n so svoj\u00edm rodinn\u00fdm vin\u00e1rstvom, ktor\u00e9 nesie meno pod\u013ea star\u00e9ho ko\u0148a, vern\u00fdm symbolom jeho cesty k pr\u00edrode. Jeho natur\u00e1lne v\u00edna s\u00fa \u017eiv\u00e9, hrav\u00e9 a nepredv\u00eddate\u013en\u00e9 \u2013 od oran\u017eov\u00fdch v\u00edn po \u0161umiv\u00e9 p\u00e9t-naty, od sladk\u00fdch hrozienk\u00e1\u010dov po elegantn\u00e9 such\u00e9 v\u00edna. Ka\u017ed\u00e9 je z\u00e1\u017eitkom.<\/p>\n\n\n\n<p><strong>Tokaj Underground \u2013 v\u00edno<\/strong> <strong>inak<\/strong><br>Obaja vin\u00e1ri s\u00fa s\u00fa\u010das\u0165ou hnutia Tokaj Underground, ktor\u00e9 zdru\u017euje vin\u00e1rov zo slovenskej \u010dasti Tokaja so spolo\u010dnou v\u00edziou \u2013 vyr\u00e1ba\u0165 v\u00edno prirodzene, \u010disto a s re\u0161pektom k terroiru. Ich cie\u013eom je uk\u00e1za\u0165, \u017ee Tokaj nie je len minulos\u0165ou, ale aj bud\u00facnos\u0165ou v\u00edna.<\/p>\n\n\n\n<p>Pr\u00ed\u010fte ochutna\u0165 v\u00edna, ktor\u00e9 rozpr\u00e1vaj\u00fa pr\u00edbeh. Pri levanduli, medzi priate\u013emi, v srdci pr\u00edrody.<\/p>\n\n\n\n<figure class=\"wp-block-image size-large\"><img loading=\"lazy\" decoding=\"async\" width=\"1024\" height=\"724\" src=\"https:\/\/www.levandulafest.sk\/wp-content\/uploads\/2025\/05\/1000067998-1024x724.png\" alt=\"\" class=\"wp-image-404\" srcset=\"https:\/\/www.levandulafest.sk\/wp-content\/uploads\/2025\/05\/1000067998-1024x724.png 1024w, https:\/\/www.levandulafest.sk\/wp-content\/uploads\/2025\/05\/1000067998-600x424.png 600w, https:\/\/www.levandulafest.sk\/wp-content\/uploads\/2025\/05\/1000067998-300x212.png 300w, https:\/\/www.levandulafest.sk\/wp-content\/uploads\/2025\/05\/1000067998-768x543.png 768w, https:\/\/www.levandulafest.sk\/wp-content\/uploads\/2025\/05\/1000067998-1536x1086.png 1536w, https:\/\/www.levandulafest.sk\/wp-content\/uploads\/2025\/05\/1000067998.png 2000w\" sizes=\"auto, (max-width: 1024px) 100vw, 1024px\" \/><\/figure>\n\n\n\n<p class=\"has-text-align-center\">\u2665<\/p>\n\n\n\n<p class=\"has-text-align-center\"><strong>BUBBLE<\/strong> <strong>BOY<\/strong><\/p>\n\n\n\n<p>\ud83c\udf7e Bubble Boy prich\u00e1dza na Levandu\u013ea Fest! \ud83d\udc9c\ud83c\udf3fPripravte sa na bublinkov\u00fa letn\u00fa pohodu \u2013 do n\u00e1\u0161ho levandu\u013eov\u00e9ho raja doraz\u00ed ikonick\u00fd prosecco van, ktor\u00fd v\u00e1m na\u010dapuje to najlep\u0161ie osvie\u017eenie!\u2728 \u010co v\u00e1s \u010dak\u00e1?<\/p>\n\n\n\n<p>\ud83e\udd42 Aperol Spritz<\/p>\n\n\n\n<p>\ud83c\udf3f Hugo<\/p>\n\n\n\n<p>\ud83c\udf47 Prosecco<\/p>\n\n\n\n<p>\ud83d\udc9c A \u0161peci\u00e1lne levandu\u013eov\u00e9 prosecco \u2013 len na tomto festivale!Pr\u00ed\u010fte si u\u017ei\u0165 vo\u0148av\u00fa atmosf\u00e9ru, urobte si kr\u00e1sne fotky pri Bubble Boy dod\u00e1vke a nechajte sa rozmazn\u00e1va\u0165 chu\u0165ou leta.<\/p>\n\n\n\n<figure class=\"wp-block-image aligncenter size-large\"><img loading=\"lazy\" decoding=\"async\" width=\"1024\" height=\"1024\" src=\"https:\/\/www.levandulafest.sk\/wp-content\/uploads\/2025\/05\/1000069056-1024x1024.jpg\" alt=\"\" class=\"wp-image-500\" srcset=\"https:\/\/www.levandulafest.sk\/wp-content\/uploads\/2025\/05\/1000069056-1024x1024.jpg 1024w, https:\/\/www.levandulafest.sk\/wp-content\/uploads\/2025\/05\/1000069056-300x300.jpg 300w, https:\/\/www.levandulafest.sk\/wp-content\/uploads\/2025\/05\/1000069056-100x100.jpg 100w, https:\/\/www.levandulafest.sk\/wp-content\/uploads\/2025\/05\/1000069056-600x600.jpg 600w, https:\/\/www.levandulafest.sk\/wp-content\/uploads\/2025\/05\/1000069056-150x150.jpg 150w, https:\/\/www.levandulafest.sk\/wp-content\/uploads\/2025\/05\/1000069056-768x768.jpg 768w, https:\/\/www.levandulafest.sk\/wp-content\/uploads\/2025\/05\/1000069056-270x270.jpg 270w, https:\/\/www.levandulafest.sk\/wp-content\/uploads\/2025\/05\/1000069056-230x230.jpg 230w, https:\/\/www.levandulafest.sk\/wp-content\/uploads\/2025\/05\/1000069056.jpg 1440w\" sizes=\"auto, (max-width: 1024px) 100vw, 1024px\" \/><\/figure>\n\n\n\n<h2 class=\"wp-block-heading has-text-align-center\">\u2665<\/h2>\n\n\n\n<h2 class=\"wp-block-heading has-text-align-center\">Lok\u00e1lna pra\u017eiare\u0148 2A Roastery<\/h2>\n\n\n\n<p>Tento rok, po \u00faspechu z minul\u00e9ho roka, sa op\u00e4\u0165 vid\u00edme s 2A Roastery.<\/p>\n\n\n\n<p>Ich cesta za\u010dala v Humennom, medzi v\u00f4\u0148ou levandule a prv\u00fdmi k\u00e1vov\u00fdmi zrnami. Pr\u00e1ve TU \u2013 na levandu\u013eovom festivale 2024 \u2013 po prv\u00fdkr\u00e1t predstavili svoju k\u00e1vu svetu. Dnes s\u00fa o p\u00e1r \u0161\u00e1lok m\u00fadrej\u0161\u00ed a o ve\u013ea sk\u00fasenost\u00ed bohat\u0161\u00ed. <\/p>\n\n\n\n<p>Pra\u017eia srdcom, experimentuj\u00fa s chu\u0165ami a neust\u00e1le vylep\u0161uj\u00fa, aby ka\u017ed\u00e1 \u0161\u00e1lka bola v\u00fdnimo\u010dn\u00e1. A to najlep\u0161ie? Ich k\u00e1vy si teraz m\u00f4\u017eete nielen vychutna\u0165, ale aj odnies\u0165 domov \u2013 a zobra\u0165 si k\u00fasok ich v\u00e1\u0161ne so sebou. Objavte tento kr\u00e1sny pr\u00edbeh, ponuku a \u010derstvo pra\u017een\u00e9 k\u00e1vy na <a href=\"http:\/\/www.2aa.sk\/\" target=\"_blank\" rel=\"noreferrer noopener\">www.2aa.sk<\/a>.<\/p>\n\n\n\n<figure class=\"wp-block-image aligncenter size-large\"><img loading=\"lazy\" decoding=\"async\" width=\"683\" height=\"1024\" src=\"https:\/\/www.levandulafest.sk\/wp-content\/uploads\/2025\/05\/494985329_1147979250674240_2478105593543282071_n-683x1024.jpg\" alt=\"\" class=\"wp-image-446\" srcset=\"https:\/\/www.levandulafest.sk\/wp-content\/uploads\/2025\/05\/494985329_1147979250674240_2478105593543282071_n-683x1024.jpg 683w, https:\/\/www.levandulafest.sk\/wp-content\/uploads\/2025\/05\/494985329_1147979250674240_2478105593543282071_n-600x900.jpg 600w, https:\/\/www.levandulafest.sk\/wp-content\/uploads\/2025\/05\/494985329_1147979250674240_2478105593543282071_n-200x300.jpg 200w, https:\/\/www.levandulafest.sk\/wp-content\/uploads\/2025\/05\/494985329_1147979250674240_2478105593543282071_n-768x1152.jpg 768w, https:\/\/www.levandulafest.sk\/wp-content\/uploads\/2025\/05\/494985329_1147979250674240_2478105593543282071_n-1024x1536.jpg 1024w, https:\/\/www.levandulafest.sk\/wp-content\/uploads\/2025\/05\/494985329_1147979250674240_2478105593543282071_n.jpg 1365w\" sizes=\"auto, (max-width: 683px) 100vw, 683px\" \/><\/figure>\n\n\n\n<p class=\"has-text-align-center\"><\/p>\n\n\n\n<ul class=\"wp-block-social-links is-layout-flex wp-block-social-links-is-layout-flex\"><li class=\"wp-social-link wp-social-link-facebook  wp-block-social-link\"><a href=\"https:\/\/www.facebook.com\/folklore.kvety\" class=\"wp-block-social-link-anchor\" target=\"_blank\" rel=\"noopener\"><svg width=\"24\" height=\"24\" viewBox=\"0 0 24 24\" version=\"1.1\" xmlns=\"http:\/\/www.w3.org\/2000\/svg\" aria-hidden=\"true\" focusable=\"false\"><path d=\"M12 2C6.5 2 2 6.5 2 12c0 5 3.7 9.1 8.4 9.9v-7H7.9V12h2.5V9.8c0-2.5 1.5-3.9 3.8-3.9 1.1 0 2.2.2 2.2.2v2.5h-1.3c-1.2 0-1.6.8-1.6 1.6V12h2.8l-.4 2.9h-2.3v7C18.3 21.1 22 17 22 12c0-5.5-4.5-10-10-10z\"><\/path><\/svg><span class=\"wp-block-social-link-label screen-reader-text\">Facebook<\/span><\/a><\/li><\/ul>\n\n\n\n<p class=\"has-text-align-center\">\u2665<\/p>\n\n\n\n<h2 class=\"wp-block-heading has-text-align-center\">Vl\u010die sirupy a Uli\u010dsk\u00e9 pirohy<\/h2>\n\n\n\n<p><strong>Pirohy nie s\u00fa len jedlo <\/strong>\u2013 s\u00fa to listy z rodinnej kroniky, ru\u010dne prekladan\u00e9 do cesta. Ka\u017ed\u00fd z\u00e1hyb ukr\u00fdva pr\u00edbeh, ka\u017ed\u00e1 n\u00e1pl\u0148 hovor\u00ed jazykom krajiny a domova. <\/p>\n\n\n\n<p>\u0160\u00fa\u013eance s\u00fa dotykom \u010dasu, kedy sa \u017eilo pomal\u0161ie a v\u0161etko malo svoju v\u00e1hu. <\/p>\n\n\n\n<p>Vl\u010die sirupy, <strong>splnen\u00fd sen kamar\u00e1tov<\/strong> z detstva, ktor\u00ed t\u00fa\u017eili prenies\u0165 \u010distotu a nedotknutos\u0165 okolitej pr\u00edrody aj do svojich origin\u00e1lnych sirupov. Na stoly va\u0161ich dom\u00e1cnost\u00ed prin\u00e1\u0161aj\u00fa poctiv\u00e9 remeseln\u00e9 sirupy, ktor\u00e9 v\u010faka v\u00fdnimo\u010dn\u00e9mu zlo\u017eeniu a bez pou\u017eitia chemick\u00fdch l\u00e1tok pohladia va\u0161e chu\u0165ov\u00e9 poh\u00e1riky. <strong>Na zdravie!<\/strong><\/p>\n\n\n\n<figure class=\"wp-block-image size-large\"><img loading=\"lazy\" decoding=\"async\" width=\"1024\" height=\"512\" src=\"https:\/\/www.levandulafest.sk\/wp-content\/uploads\/2025\/05\/makronky-dizajnmanual.pdf-1024x512.png\" alt=\"\" class=\"wp-image-430\" srcset=\"https:\/\/www.levandulafest.sk\/wp-content\/uploads\/2025\/05\/makronky-dizajnmanual.pdf-1024x512.png 1024w, https:\/\/www.levandulafest.sk\/wp-content\/uploads\/2025\/05\/makronky-dizajnmanual.pdf-600x300.png 600w, https:\/\/www.levandulafest.sk\/wp-content\/uploads\/2025\/05\/makronky-dizajnmanual.pdf-300x150.png 300w, https:\/\/www.levandulafest.sk\/wp-content\/uploads\/2025\/05\/makronky-dizajnmanual.pdf-768x384.png 768w, https:\/\/www.levandulafest.sk\/wp-content\/uploads\/2025\/05\/makronky-dizajnmanual.pdf.png 1181w\" sizes=\"auto, (max-width: 1024px) 100vw, 1024px\" \/><\/figure>\n\n\n\n<p class=\"has-text-align-center\">\u2665<\/p>\n\n\n\n<h2 class=\"wp-block-heading has-text-align-center\">\ud83d\udc9c Macarons by Lucia \ud83d\udc9c<\/h2>\n\n\n\n<p><br>Tento rok sa postar\u00e1 o n\u00e1\u0161 \u010darovn\u00fd <strong>LEVANDU\u013dA CANDY BAR<\/strong> \u2013 a verte, bude to sladk\u00e9 ako sen!<\/p>\n\n\n\n<p>Lucia je talentovan\u00e1 cukr\u00e1rka, ktor\u00e1 pod zna\u010dkou <em>Macarons by Lucia<\/em> prin\u00e1\u0161a ru\u010dne vyr\u00e1ban\u00e9 makr\u00f3nky, ktor\u00e9 pote\u0161ia o\u010di aj chu\u0165ov\u00e9 poh\u00e1riky. Jej makr\u00f3nky s\u00fa zn\u00e1me svojou dokonalou krehkos\u0165ou, jemnou plnkou a pastelov\u00fdmi farbami, ktor\u00e9 ladia s atmosf\u00e9rou levandu\u013eov\u00e9ho leta.<\/p>\n\n\n\n<p>Na Levandu\u013ea Feste si budete m\u00f4c\u0165 vychutna\u0165 tieto mal\u00e9 sladk\u00e9 umeleck\u00e9 diela \u2013 ide\u00e1lny dezert k levandu\u013eovej limon\u00e1de \u010di ako mil\u00fd dar\u010dek pre niekoho, koho m\u00e1te radi.<\/p>\n\n\n\n<p>\ud83c\udf38 Sladkos\u0165 s pr\u00edbehom, ktor\u00e1 o\u010dar\u00ed ka\u017ed\u00e9ho.<\/p>\n\n\n\n<figure class=\"wp-block-image aligncenter size-large\"><img loading=\"lazy\" decoding=\"async\" width=\"576\" height=\"1024\" src=\"https:\/\/www.levandulafest.sk\/wp-content\/uploads\/2025\/05\/456358340_557563949934404_1760887876349380534_n-576x1024.jpg\" alt=\"\" class=\"wp-image-443\" srcset=\"https:\/\/www.levandulafest.sk\/wp-content\/uploads\/2025\/05\/456358340_557563949934404_1760887876349380534_n-576x1024.jpg 576w, https:\/\/www.levandulafest.sk\/wp-content\/uploads\/2025\/05\/456358340_557563949934404_1760887876349380534_n-scaled-600x1067.jpg 600w, https:\/\/www.levandulafest.sk\/wp-content\/uploads\/2025\/05\/456358340_557563949934404_1760887876349380534_n-169x300.jpg 169w, https:\/\/www.levandulafest.sk\/wp-content\/uploads\/2025\/05\/456358340_557563949934404_1760887876349380534_n-768x1365.jpg 768w, https:\/\/www.levandulafest.sk\/wp-content\/uploads\/2025\/05\/456358340_557563949934404_1760887876349380534_n-864x1536.jpg 864w, https:\/\/www.levandulafest.sk\/wp-content\/uploads\/2025\/05\/456358340_557563949934404_1760887876349380534_n-1152x2048.jpg 1152w, https:\/\/www.levandulafest.sk\/wp-content\/uploads\/2025\/05\/456358340_557563949934404_1760887876349380534_n-scaled.jpg 1440w\" sizes=\"auto, (max-width: 576px) 100vw, 576px\" \/><\/figure>\n\n\n\n<h2 class=\"wp-block-heading has-text-align-center\">\ud83d\udc9c Pe\u010die cel\u00e9 Slovensko \ud83d\udc9c<\/h2>\n\n\n\n<p class=\"has-text-align-center\">Prv\u00fd ro\u010dn\u00edk n\u00e1m osladili \u00fa\u010dinkuj\u00faci z rel\u00e1cie Pe\u010die cel\u00e9 Slovensko. Pre svoje pracovn\u00e9 povinnosti sa minul\u00fd rok nez\u00fa\u010dastnili, preto sme nesmierne \u0161\u0165astn\u00e9, \u017ee tento rok sa to podarilo a op\u00e4\u0165 pr\u00eddu k n\u00e1m. A bud\u00fa ma\u0165 retro ponuku.<\/p>\n\n\n\n<figure class=\"wp-block-image size-large\"><img loading=\"lazy\" decoding=\"async\" width=\"819\" height=\"1024\" src=\"https:\/\/www.levandulafest.sk\/wp-content\/uploads\/2026\/04\/Interpreti-2026-5-819x1024.png\" alt=\"\" class=\"wp-image-814\" srcset=\"https:\/\/www.levandulafest.sk\/wp-content\/uploads\/2026\/04\/Interpreti-2026-5-819x1024.png 819w, https:\/\/www.levandulafest.sk\/wp-content\/uploads\/2026\/04\/Interpreti-2026-5-240x300.png 240w, https:\/\/www.levandulafest.sk\/wp-content\/uploads\/2026\/04\/Interpreti-2026-5-768x960.png 768w, https:\/\/www.levandulafest.sk\/wp-content\/uploads\/2026\/04\/Interpreti-2026-5-600x750.png 600w, https:\/\/www.levandulafest.sk\/wp-content\/uploads\/2026\/04\/Interpreti-2026-5.png 1080w\" sizes=\"auto, (max-width: 819px) 100vw, 819px\" \/><\/figure>\n\n\n\n<p class=\"has-text-align-center\"><\/p>\n\n\n\n<p class=\"has-white-color has-text-color has-link-color wp-elements-6a72190a1825c6f6049be9ca782364ea\"><a href=\"https:\/\/www.levandulafest.sk\/vstupenky\/\" data-type=\"page\" data-id=\"56\">Vstupenky<\/a><\/p>\n\n\n\n<p><\/p>\n","protected":false},"excerpt":{"rendered":"<p>Fain Food na Levandu\u013ea Feste \u2013 street food, ktor\u00fd ti sadne Gastro festivalu na Levandu\u013ea Feste nebude len o v\u00f4\u0148ach a farb\u00e1ch, ale aj o poctivom street foode! Tento rok k n\u00e1m so svoj\u00edm \u0161t\u00fdlov\u00fdm foodtruckom doraz\u00ed aj Fain Food,<\/p>\n","protected":false},"author":1,"featured_media":0,"parent":0,"menu_order":0,"comment_status":"closed","ping_status":"closed","template":"","meta":{"footnotes":""},"class_list":["post-55","page","type-page","status-publish","hentry"],"_links":{"self":[{"href":"https:\/\/www.levandulafest.sk\/wp-json\/wp\/v2\/pages\/55","targetHints":{"allow":["GET"]}}],"collection":[{"href":"https:\/\/www.levandulafest.sk\/wp-json\/wp\/v2\/pages"}],"about":[{"href":"https:\/\/www.levandulafest.sk\/wp-json\/wp\/v2\/types\/page"}],"author":[{"embeddable":true,"href":"https:\/\/www.levandulafest.sk\/wp-json\/wp\/v2\/users\/1"}],"replies":[{"embeddable":true,"href":"https:\/\/www.levandulafest.sk\/wp-json\/wp\/v2\/comments?post=55"}],"version-history":[{"count":50,"href":"https:\/\/www.levandulafest.sk\/wp-json\/wp\/v2\/pages\/55\/revisions"}],"predecessor-version":[{"id":817,"href":"https:\/\/www.levandulafest.sk\/wp-json\/wp\/v2\/pages\/55\/revisions\/817"}],"wp:attachment":[{"href":"https:\/\/www.levandulafest.sk\/wp-json\/wp\/v2\/media?parent=55"}],"curies":[{"name":"wp","href":"https:\/\/api.w.org\/{rel}","templated":true}]}}